{"id":343,"date":"2025-07-07T15:59:02","date_gmt":"2025-07-07T18:59:02","guid":{"rendered":"https:\/\/anpmat.org.br\/simposio-nacional-8\/?page_id=343"},"modified":"2025-10-15T09:57:46","modified_gmt":"2025-10-15T12:57:46","slug":"desafio","status":"publish","type":"page","link":"https:\/\/anpmat.org.br\/simposio-nacional-8\/desafio\/","title":{"rendered":"Desafio"},"content":{"rendered":"\n<h2 class=\"wp-block-heading\"><strong>Vencedores do Desafio de Comunica\u00e7\u00e3o Cient\u00edfica &#8211; Matem\u00e1tica da Educa\u00e7\u00e3o B\u00e1sica do 8\u00ba Simp\u00f3sio Nacional da Forma\u00e7\u00e3o do Professor de Matem\u00e1tica<\/strong><\/h2>\n\n\n\n<p>Com grande satisfa\u00e7\u00e3o, apresentamos os 10 vencedores do <strong>Desafio de Comunica\u00e7\u00e3o Cient\u00edfica \u2013 Matem\u00e1tica da Educa\u00e7\u00e3o B\u00e1sica<\/strong>, promovido no \u00e2mbito do <strong>8\u00ba Simp\u00f3sio Nacional da Forma\u00e7\u00e3o do Professor de Matem\u00e1tica<\/strong>.<\/p>\n\n\n\n<p>O desafio teve como objetivo incentivar a produ\u00e7\u00e3o de conte\u00fados criativos e acess\u00edveis sobre temas da Matem\u00e1tica na Educa\u00e7\u00e3o B\u00e1sica, estimulando a divulga\u00e7\u00e3o cient\u00edfica e o protagonismo docente e estudantil.<\/p>\n\n\n\n<p>Os trabalhos premiados se destacaram pela clareza, originalidade e relev\u00e2ncia na comunica\u00e7\u00e3o de ideias matem\u00e1ticas ao p\u00fablico amplo. Parabenizamos todos os vencedores por sua dedica\u00e7\u00e3o e contribui\u00e7\u00e3o \u00e0 populariza\u00e7\u00e3o da Matem\u00e1tica!<\/p>\n\n\n\n<p><strong>Vencedores do desafio:<\/strong><\/p>\n\n\n\n<ol class=\"wp-block-list\">\n<li>Atiely Kemberly Ferreira Da Costa<\/li>\n\n\n\n<li>Bruna De Sousa De Oliveira<\/li>\n\n\n\n<li>Caroline Almeida Souza Silva<\/li>\n\n\n\n<li>Geraldo De Ara\u00fajo Costa<\/li>\n\n\n\n<li>In\u00e1cio Ant\u00f4nio Athayde Oliveira<\/li>\n\n\n\n<li>Jo\u00e3o Ot\u00e1vio Furtado Da Silva<\/li>\n\n\n\n<li>Josimar Jos\u00e9 Dos Santos<\/li>\n\n\n\n<li>Julio Silva De Pontes<\/li>\n\n\n\n<li>Luiz Otavio Rodrigues Mendes<\/li>\n\n\n\n<li>Marcos Fernandes Amorim<\/li>\n<\/ol>\n\n\n\n<p><\/p>\n\n\n\n<h3 class=\"wp-block-heading\"><strong>Desafio de Comunica\u00e7\u00e3o Cient\u00edfica &#8211; Matem\u00e1tica da Educa\u00e7\u00e3o B\u00e1sica do 8\u00ba Simp\u00f3sio Nacional da Forma\u00e7\u00e3o do Professor de Matem\u00e1tica<\/strong><\/h3>\n\n\n\n<p>Este desafio \u00e9 uma amplia\u00e7\u00e3o da Competi\u00e7\u00e3o de Comunica\u00e7\u00e3o Cient\u00edfica (Matem\u00e1tica B\u00e1sica) que foi realizada durante o 2\u00ba Simp\u00f3sio da Forma\u00e7\u00e3o do Professor de Matem\u00e1tica da Regi\u00e3o Centro-Oeste. N\u00e3o participou naquela \u00e9poca? <a href=\"https:\/\/anpmat.org.br\/videos\/competicao-de-comunicacao-cientifica-do-2o-simposio-da-formacao-do-professor-de-matematica-da-regiao-centro-oeste\">Veja a mem\u00f3ria aqui<\/a>.<\/p>\n\n\n\n<p><strong><span style=\"text-decoration: underline\">Como tudo isso funciona? Vamos l\u00e1:<\/span><\/strong><\/p>\n\n\n\n<p><strong>1) Quem pode participar?&nbsp;<\/strong><\/p>\n\n\n\n<ul class=\"wp-block-list\">\n<li><em>O desafio \u00e9 individual e qualquer participante previamente inscrito no 8\u00ba Simp\u00f3sio Nacional da Forma\u00e7\u00e3o do Professor de Matem\u00e1tica pode participar (inscri\u00e7\u00e3o confirmada).<\/em><\/li>\n<\/ul>\n\n\n\n<p><strong>2) Qual o objetivo deste desafio?<\/strong><\/p>\n\n\n\n<ul class=\"wp-block-list\">\n<li><em>Incentivar os participantes do Simp\u00f3sio a planejarem abordagens inovadoras e produzirem v\u00eddeos curtos (entre 3 e 5 minutos) que abordam assuntos matem\u00e1ticos presentes no curr\u00edculo da Educa\u00e7\u00e3o B\u00e1sica.&nbsp;<\/em><\/li>\n<\/ul>\n\n\n\n<p><strong>3) Qual a dura\u00e7\u00e3o do v\u00eddeo?<\/strong><\/p>\n\n\n\n<ul class=\"wp-block-list\">\n<li><em>O v\u00eddeo dever\u00e1 possuir entre 3 e 5 minutos de execu\u00e7\u00e3o.<\/em><\/li>\n<\/ul>\n\n\n\n<p><strong>4) Apenas entre 3 e 5 minutos?<\/strong><\/p>\n\n\n\n<ul class=\"wp-block-list\">\n<li><em>Sim, exatamente. V\u00eddeos com dura\u00e7\u00e3o diferente ser\u00e3o desclassificados. O desafio \u00e9 justamente provocar a criatividade dos participantes em planejar, de modo irreverente, a explica\u00e7\u00e3o de um assunto matem\u00e1tico presente no curr\u00edculo da educa\u00e7\u00e3o b\u00e1sica. Ser\u00e1 um momento descontra\u00eddo para nos inspirarmos em pr\u00e1ticas pedag\u00f3gicas diferenciadas para o ensino de matem\u00e1tica.<\/em><\/li>\n<\/ul>\n\n\n\n<p><strong>5) Qual o assunto do v\u00eddeo?<\/strong><\/p>\n\n\n\n<ul class=\"wp-block-list\">\n<li><em>O participante pode escolher qualquer assunto relacionado \u00e0 Matem\u00e1tica que esteja presente no curr\u00edculo da educa\u00e7\u00e3o b\u00e1sica.<\/em><\/li>\n<\/ul>\n\n\n\n<p><strong>6) Como deve ser o v\u00eddeo?<\/strong><\/p>\n\n\n\n<ul class=\"wp-block-list\">\n<li><em>O participante deve utilizar de sua criatividade e buscar ser o mais original poss\u00edvel. Ser\u00e3o aceitos v\u00eddeos que contenham sustenta\u00e7\u00f5es orais ou conta\u00e7\u00f5es de hist\u00f3rias, com apresenta\u00e7\u00e3o de cartazes, anima\u00e7\u00f5es gr\u00e1ficas ou outros recursos.<\/em><\/li>\n<\/ul>\n\n\n\n<p><strong>7) E como o v\u00eddeo precisa ser gravado?<\/strong><\/p>\n\n\n\n<ul class=\"wp-block-list\">\n<li><em>O participante tem liberdade para compor seu roteiro e sua forma de apresenta\u00e7\u00e3o. <span style=\"text-decoration: underline\">Mas aten\u00e7\u00e3o: o participante precisa aparecer visualmente no v\u00eddeo<\/span>. Al\u00e9m disso, sugerimos aos que gravarem com o celular, que o fa\u00e7am com o aparelho na horizontal.<\/em><\/li>\n<\/ul>\n\n\n\n<p><strong>8) Como me inscrevo?<\/strong><\/p>\n\n\n\n<ul class=\"wp-block-list\">\n<li><em>Ap\u00f3s a inscri\u00e7\u00e3o no evento:&nbsp;<\/em>\n<ul class=\"wp-block-list\">\n<li><em>(a) o participante deve gravar seu v\u00eddeo (em caso de utiliza\u00e7\u00e3o de smartphones, utilizar o sentido horizontal);&nbsp;<\/em><\/li>\n\n\n\n<li><em>(b) salv\u00e1-lo em uma conta do youtube (n\u00e3o listado); e&nbsp;<\/em><\/li>\n\n\n\n<li><em>(c) Preencher o formul\u00e1rio de inscri\u00e7\u00e3o no sistema de inscri\u00e7\u00e3o do evento<\/em>:\n<ul class=\"wp-block-list\">\n<li><em>Autor: &lt;inserir o nome do proponente&gt;<\/em><\/li>\n\n\n\n<li><em>Coautores: &lt;n\u00e3o inserir, pois o desafio \u00e9 individual (demais nomes inseridos neste campo ser\u00e3o desconsiderados&gt;<\/em><\/li>\n\n\n\n<li><em>Tema: &lt;escolher um dos temas ligados ao Ensino de Matem\u00e1tica: T5; T6; T7; T8; T9; ou T10&gt;<\/em><\/li>\n\n\n\n<li><em>T\u00edtulo: &lt;inserir o t\u00edtulo do v\u00eddeo&gt;<\/em><\/li>\n\n\n\n<li><em>Resumo: &lt;inserir apenas o assunto abordado e o respectivo ano escolar&gt;<\/em><\/li>\n\n\n\n<li><em>Categoria de contribui\u00e7\u00e3o: &lt;marcar \u201cDesafio\u201d&gt;<\/em><\/li>\n\n\n\n<li><em>Declara\u00e7\u00e3o de originalidade: &lt;marcar \u201co texto submetido na proposta \u00e9 original e n\u00e3o foi publicado ou submetido \u00e0 publica\u00e7\u00e3o\u201d&gt;<\/em><\/li>\n\n\n\n<li><em>Ci\u00eancia de co-autores: &lt;marcar o campo \u201cDeclaro que todos os autores est\u00e3o cientes do texto submetido e da declara\u00e7\u00e3o acima\u201d&gt;<\/em><\/li>\n\n\n\n<li><em>Enviar<\/em><\/li>\n<\/ul>\n<\/li>\n\n\n\n<li><em><span style=\"text-decoration: underline\">ATEN\u00c7\u00c3O: cada participante pode enviar, no m\u00e1ximo, uma proposta. Caso o participante encaminhe n\u00famero superior a esse, ser\u00e3o consideradas apenas as propostas mais recentes, desclassificando as demais.<\/span><\/em><\/li>\n\n\n\n<li><em><span style=\"text-decoration: underline\">IMPORTANTE: o participante deve, no ato da inscri\u00e7\u00e3o, autorizar e se responsabilizar pelo uso de todas as imagens e m\u00fasicas utilizadas no v\u00eddeo; bem como autorizar o uso do v\u00eddeo nos diferentes canais da ANPMat; lembrando que sons ou qualquer outro material protegido por direitos autorais dever\u00e3o utilizar exclusivamente conte\u00fados em dom\u00ednio p\u00fablico, licenciados de forma aberta (como Creative Commons).<\/span><\/em><\/li>\n<\/ul>\n<\/li>\n<\/ul>\n\n\n\n<p><strong>9) O desafio possui premia\u00e7\u00e3o?<\/strong><\/p>\n\n\n\n<ul class=\"wp-block-list\">\n<li><em>Sim!!! Como premia\u00e7\u00e3o, teremos:<\/em>\n<ul class=\"wp-block-list\">\n<li><em>10 experi\u00eancias formativas promovidas pelo MEC, voltadas ao fortalecimento da pr\u00e1tica docente em matem\u00e1tica, destinadas aos(as) 10 primeiros(as) colocados(as) que obtiverem a maior nota final e estiverem presentes no evento. As experi\u00eancias incluem visita ao IMPA TECH e outras a\u00e7\u00f5es formativas, com custos de passagem e hospedagem financiados pelo MEC. O formato e a dura\u00e7\u00e3o ser\u00e3o divulgados posteriormente pelo MEC;<\/em><\/li>\n\n\n\n<li><em>isen\u00e7\u00e3o de uma anuidade da ANPMat a <span style=\"text-decoration: underline\">todos os finalistas<\/span>;<\/em><\/li>\n\n\n\n<li><em>certificados de Honra ao M\u00e9rito a <span style=\"text-decoration: underline\">todos os classificados<\/span>.<\/em><\/li>\n<\/ul>\n<\/li>\n<\/ul>\n\n\n\n<p><strong>10) Como os v\u00eddeos ser\u00e3o avaliados?<\/strong><\/p>\n\n\n\n<ul class=\"wp-block-list\">\n<li><em>Os v\u00eddeos ser\u00e3o inicialmente avaliados por uma banca de 5 avaliadores (todos licenciados em matem\u00e1tica), tendo como par\u00e2metros o conjunto de crit\u00e9rios listados abaixo:<\/em><\/li>\n<\/ul>\n\n\n\n<p><em>1. Crit\u00e9rios para desclassifica\u00e7\u00e3o:<\/em><\/p>\n\n\n\n<ul class=\"wp-block-list\">\n<li><em>O participante n\u00e3o est\u00e1 inscrito no evento;<\/em><\/li>\n<\/ul>\n\n\n\n<ul class=\"wp-block-list\">\n<li><em>O v\u00eddeo n\u00e3o aborda assunto de matem\u00e1tica da Educa\u00e7\u00e3o B\u00e1sica;<\/em><\/li>\n\n\n\n<li><em>O v\u00eddeo possui dura\u00e7\u00e3o diferente do estabelecido nas regras (3 a 5 minutos);<\/em><\/li>\n\n\n\n<li><em>O participante n\u00e3o aparece visualmente no v\u00eddeo;<\/em><\/li>\n\n\n\n<li><em>O v\u00eddeo n\u00e3o \u00e9 autoral, in\u00e9dito ou fere algum direito autoral com a inser\u00e7\u00e3o de m\u00fasicas ou outros recursos similares que n\u00e3o sejam de dom\u00ednio p\u00fablico;<\/em><\/li>\n\n\n\n<li><em>O v\u00eddeo n\u00e3o cita refer\u00eancias, quando for o caso, \u00e0 ferramentas produzidas por terceiros;<\/em><\/li>\n\n\n\n<li><em>O v\u00eddeo apresenta ind\u00edcios de proselitismo pol\u00edtico-partid\u00e1rio ou religioso; tom pejorativo e\/ou discriminat\u00f3rio; ou qualquer desrespeito \u00e0s normas e os prazos estabelecidos nas regras deste Desafio;<\/em><\/li>\n\n\n\n<li><em>O formul\u00e1rio de inscri\u00e7\u00e3o n\u00e3o foi preenchido adequadamente;<\/em><\/li>\n\n\n\n<li><em>O v\u00eddeo supera o n\u00famero aceit\u00e1vel de submiss\u00e3o por cada participante (no m\u00e1ximo 2);<\/em><\/li>\n\n\n\n<li><em>O v\u00eddeo recebeu pontua\u00e7\u00e3o m\u00e9dia da banca inferior a 5,0.<\/em><\/li>\n<\/ul>\n\n\n\n<p><em>2. Crit\u00e9rios para classifica\u00e7\u00e3o (de 0 a 10):<\/em><\/p>\n\n\n\n<ul class=\"wp-block-list\">\n<li><em>O participante organiza e distribui o tempo de forma adequada para comunicar o assunto adotado;<\/em><\/li>\n\n\n\n<li><em>Utiliza\u00e7\u00e3o de linguagem adequada para o p\u00fablico-alvo do v\u00eddeo;<\/em><\/li>\n\n\n\n<li><em>Conex\u00e3o do assunto trazido em diferentes situa\u00e7\u00f5es e\/ou componentes curriculares estimulando a contextualiza\u00e7\u00e3o e a interdisciplinaridade;<\/em><\/li>\n\n\n\n<li><em>O participante traz elementos corretos de forma satisfat\u00f3ria e realiza an\u00e1lises com o aprofundamento poss\u00edvel;<\/em><\/li>\n\n\n\n<li><em>O v\u00eddeo comunica o assunto adotado a partir de <span style=\"text-decoration: underline\"><strong>abordagem inovadora, diferenciada e criativa<\/strong><\/span>.<\/em><\/li>\n<\/ul>\n\n\n\n<ul class=\"wp-block-list\">\n<li><em>Os avaliadores da banca atribuir\u00e3o nota de 0 a 10 a cada um dos crit\u00e9rios. A m\u00e9dia entre essas notas ser\u00e1 utilizada para o ranqueamento em ordem decrescente e, em seguida, se proceder\u00e1 com a categoriza\u00e7\u00e3o em tr\u00eas grupo:<\/em><\/li>\n<\/ul>\n\n\n\n<p><em>(a) desclassificado: v\u00eddeos que se enquadrarem em ao menos um crit\u00e9rio de desclassifica\u00e7\u00e3o;<\/em><\/p>\n\n\n\n<p><em>(b) classificado: v\u00eddeos que n\u00e3o se enquadrarem em ao menos um crit\u00e9rio de desclassifica\u00e7\u00e3o; e<\/em><\/p>\n\n\n\n<p><em>(c) finalista: os 15 v\u00eddeos que obtiverem a maior pontua\u00e7\u00e3o da banca.<\/em><\/p>\n\n\n\n<ul class=\"wp-block-list\">\n<li><em>Os resultados ser\u00e3o encaminhados aos participantes por e-mail e a lista de classificados e finalistas ser\u00e1 divulgada tamb\u00e9m no site do Simp\u00f3sio.<\/em><\/li>\n<\/ul>\n\n\n\n<p><strong>11) E como saberemos quais v\u00eddeos finalistas ser\u00e3o os vencedores?<\/strong><\/p>\n\n\n\n<ul class=\"wp-block-list\">\n<li><em>Durante o evento, o p\u00fablico inscrito ter\u00e1 acesso a 5 v\u00eddeos por dia; e poder\u00e1 tamb\u00e9m registrar suas respectivas notas.<\/em><\/li>\n\n\n\n<li><em>No \u00faltimo dia do evento, os organizadores do desafio ir\u00e3o anunciar os vencedores, a partir da m\u00e9dia ponderada entre as notas atribu\u00eddas pela banca na primeira fase da sele\u00e7\u00e3o (60%) e as notas obtidas pelo p\u00fablico inscrito no evento (40%).<\/em><\/li>\n<\/ul>\n\n\n\n<p><strong>12) Qual o prazo para submeter os v\u00eddeos?<\/strong><\/p>\n\n\n\n<ul class=\"wp-block-list\">\n<li><em><span style=\"text-decoration: underline\">Os v\u00eddeos devem ser enviados <s><u>durante o m\u00eas de julho (10\/7 a 25\/7) <\/u><\/s><strong><u>PRORROGADO AT\u00c9 10 DE AGOSTO DE 2025.<\/u><\/strong><\/span><\/em><\/li>\n<\/ul>\n\n\n\n<p><strong>RESUMO IMPORTANTE:<\/strong><\/p>\n\n\n\n<ol class=\"wp-block-list\">\n<li>O desafio \u00e9 individual e cada participante precisa aparecer visualmente no v\u00eddeo;<\/li>\n\n\n\n<li>O v\u00eddeo precisa ser de autoria pr\u00f3pria e in\u00e9dito;<\/li>\n\n\n\n<li>A dura\u00e7\u00e3o do v\u00eddeo deve ser entre 3 e 5 minutos;<\/li>\n\n\n\n<li>O v\u00eddeo precisa comunicar um assunto de matem\u00e1tica da educa\u00e7\u00e3o b\u00e1sica;<\/li>\n\n\n\n<li>A utiliza\u00e7\u00e3o de ferramentas como aplicativos, anima\u00e7\u00f5es, m\u00fasicas e recursos semelhantes desenvolvidos por outros autores dever\u00e1 fazer a devida refer\u00eancia ao autor e local de publica\u00e7\u00e3o (cf. norma da ABNT);<\/li>\n\n\n\n<li>A Comiss\u00e3o Organizadora do desafio n\u00e3o se responsabiliza por eventuais falhas do sistema de envio das propostas;<\/li>\n\n\n\n<li><span style=\"text-decoration: underline\">Os v\u00eddeos devem ser enviados <s><u>durante o m\u00eas de julho (10\/7 a 25\/7) <\/u><\/s><strong><u>PRORROGADO AT\u00c9 10 DE AGOSTO DE 2025.<\/u><\/strong>.<\/span><\/li>\n<\/ol>\n\n\n\n<p>Casos omissos ser\u00e3o deliberados pela Comiss\u00e3o Organizadora do desafio, em conjunto com a Comiss\u00e3o Acad\u00eamica do Simp\u00f3sio<\/p>\n\n\n\n<p><strong><span style=\"text-decoration: underline\">Comiss\u00e3o Organizadora do Desafio<\/span><\/strong><\/p>\n\n\n\n<p>Prof. Dr. Mateus Gianni Fonseca (IFB)<br>Profa. Esp. Elaine de Oliveira Vieira (Col\u00e9gio Santo Ant\u00f4nio\/DF)<br>Prof. Me. Jos\u00e9 F\u00e1bio de Ara\u00fajo Lima (Sec &#8211; BA)<br>Profa. Mnda. Josi\u00e9li F\u00e1tima Tonin Pagliosa (Seduc\/RS)<br>Prof. Me. Roberto C\u00e9sar Cucharero Peregrina (Seeduc\/RJ &#8211; SMERJ)<br>Prof. Me. Rubens Lopes Netto (Seduc\/MA)<br>Prof. Ma. Silmara Louise (IFNMG)Prof. Dr. Vitor Gustavo de Amorim (IFSP)<\/p>\n\n\n\n<p><strong>Para maiores informa\u00e7\u00f5es sobre a competi\u00e7\u00e3o:&nbsp;<\/strong><\/p>\n\n\n\n<p><a href=\"mailto:secretaria.centro.oeste@anpmat.org.br\">secretaria.centro.oeste@anpmat.org.br<\/a>&nbsp;<\/p>\n\n\n\n<ul class=\"wp-block-list\">\n<li>A premia\u00e7\u00e3o das 10 experi\u00eancias formativas \u00e9 de responsabilidade do MEC, n\u00e3o gerando dever da comiss\u00e3o organizadora ou de qualquer outro membro da ANPMat, caso eventualmente haja algum impedimento no cumprimento da premia\u00e7\u00e3o.<\/li>\n<\/ul>\n\n\n\n<p class=\"has-text-align-center has-base-3-color has-accent-background-color has-text-color has-background has-link-color has-large-font-size wp-elements-aee51c37545be9cda08c2fb3de5d5e8c\"><strong>E o Desafio alcan\u00e7a mais uma etapa!<\/strong><\/p>\n\n\n\n<p>Foram 18 propostas recebidas e com temas variados, o que demonstra a riqueza de repert\u00f3rio de nosso grupo de participantes: professores de matem\u00e1tica atuantes no ch\u00e3o da escola e embriagados de motiva\u00e7\u00e3o em compartilhar ideias inovadoras.<\/p>\n\n\n\n<p>Ap\u00f3s a avalia\u00e7\u00e3o por diferentes especialistas, chegamos ao rol de v\u00eddeos classificados (todos receber\u00e3o, ao final do desafio, certificado de honra ao m\u00e9rito). S\u00e3o eles (em ordem alfab\u00e9tica):<\/p>\n\n\n\n<ol class=\"wp-block-list\">\n<li>ANDRE RICARDO DIERINGS<\/li>\n\n\n\n<li>ANDREZA SABRINA BRAND\u00c3O LOB\u00c3O PAIX\u00c3O<\/li>\n\n\n\n<li>ATIELY KEMBERLY FERREIRA DA COSTA<\/li>\n\n\n\n<li>BRUNA DE SOUSA DE OLIVEIRA<\/li>\n\n\n\n<li>CAROLINE ALMEIDA SOUZA SILVA<\/li>\n\n\n\n<li>EMILLY GONZALES JOLANDEK<\/li>\n\n\n\n<li>FRANCISCO DAS CHAGAS DO ROS\u00c1RIO<\/li>\n\n\n\n<li>GERALDO DE ARA\u00daJO COSTA<\/li>\n\n\n\n<li>IN\u00c1CIO ANT\u00d4NIO ATHAYDE OLIVEIRA<\/li>\n\n\n\n<li>JO\u00c3O OT\u00c1VIO FURTADO DA SILVA<\/li>\n\n\n\n<li>JOSIMAR JOS\u00c9 DOS SANTOS<\/li>\n\n\n\n<li>JULIO SILVA DE PONTES<\/li>\n\n\n\n<li>LUIZ OTAVIO RODRIGUES MENDES<\/li>\n\n\n\n<li>MARCOS FERNANDES AMORIM<\/li>\n\n\n\n<li>MAYANE MONS\u00c3O GERALDO<\/li>\n\n\n\n<li>MURILO CORREA QUINAN<\/li>\n\n\n\n<li>SAIMON DE SOUZA ROCHA<\/li>\n<\/ol>\n\n\n\n<p class=\"has-contrast-2-color has-text-color has-link-color has-medium-font-size wp-elements-a3839b654cd9588fba6589670f7bcfcd\"><strong>E, que rufem os tambores!!!!!<\/strong><\/p>\n\n\n\n<p class=\"has-text-align-center has-accent-color has-text-color has-link-color has-large-font-size wp-elements-67344826236840dc8614893eb86da265\">Abaixo, a lista de v\u00eddeos finalistas (em ordem alfab\u00e9tica):<\/p>\n\n\n\n<ol class=\"wp-block-list\">\n<li>ANDRE RICARDO DIERINGS<\/li>\n\n\n\n<li>ATIELY KEMBERLY FERREIRA DA COSTA<\/li>\n\n\n\n<li>BRUNA DE SOUSA DE OLIVEIRA<\/li>\n\n\n\n<li>CAROLINE ALMEIDA SOUZA SILVA<\/li>\n\n\n\n<li>EMILLY GONZALES JOLANDEK<\/li>\n\n\n\n<li>FRANCISCO DAS CHAGAS DO ROS\u00c1RIO<\/li>\n\n\n\n<li>GERALDO DE ARA\u00daJO COSTA<\/li>\n\n\n\n<li>IN\u00c1CIO ANT\u00d4NIO ATHAYDE OLIVEIRA<\/li>\n\n\n\n<li>JO\u00c3O OT\u00c1VIO FURTADO DA SILVA<\/li>\n\n\n\n<li>JOSIMAR JOS\u00c9 DOS SANTOS<\/li>\n\n\n\n<li>JULIO SILVA DE PONTES<\/li>\n\n\n\n<li>LUIZ OTAVIO RODRIGUES MENDES<\/li>\n\n\n\n<li>MARCOS FERNANDES AMORIM<\/li>\n\n\n\n<li>MURILO CORREA QUINAN<\/li>\n\n\n\n<li>SAIMON DE SOUZA ROCHA<\/li>\n<\/ol>\n\n\n\n<p><em><strong>*Lembrando que, segundo nosso regulamento, &#8220;durante o evento, o p\u00fablico inscrito ter\u00e1 acesso a 5 v\u00eddeos por dia; e poder\u00e1 tamb\u00e9m registrar suas respectivas notas&#8221;.<\/strong><\/em><\/p>\n\n\n\n<p><strong>E&#8230; no \u00faltimo dia do Simp\u00f3sio anunciaremos os 10 v\u00eddeos vencedores!!!<\/strong><\/p>\n\n\n\n<p class=\"has-text-align-center has-contrast-color has-base-3-background-color has-text-color has-background has-link-color has-medium-font-size wp-elements-6c461437ccafd0684d6b74460e73d407\"><strong>Aviso aos finalistas<\/strong>:<\/p>\n\n\n\n<p class=\"has-text-align-center has-base-3-color has-contrast-2-background-color has-text-color has-background has-link-color wp-elements-87265a6d9360d907a55b99ad56cc3c5d\">J\u00e1 organizem as malas e se preparem para vir ao Planalto Central, afinal, \u00e9 importante que os finalistas estejam presentes no evento, visto que como parte da premia\u00e7\u00e3o, teremos &#8220;10 experi\u00eancias formativas promovidas pelo MEC, voltadas ao fortalecimento da pr\u00e1tica docente em matem\u00e1tica, destinadas aos(as) 10 primeiros(as) colocados(as) que obtiverem a maior nota final <strong><u>e estiverem presentes no evento<\/u><\/strong>&#8220;.<\/p>\n\n\n\n<p><strong>!!!Um pouco mais de ansiedade e, logo mais, estaremos celebrando este desafio presencialmente no Simp\u00f3sio!!!<\/strong><\/p>\n\n\n\n<p><\/p>\n","protected":false},"excerpt":{"rendered":"<p>Vencedores do Desafio de Comunica\u00e7\u00e3o Cient\u00edfica &#8211; Matem\u00e1tica da Educa\u00e7\u00e3o B\u00e1sica do 8\u00ba Simp\u00f3sio Nacional da Forma\u00e7\u00e3o do Professor de Matem\u00e1tica Com grande satisfa\u00e7\u00e3o, apresentamos os 10 vencedores do Desafio de Comunica\u00e7\u00e3o Cient\u00edfica \u2013 Matem\u00e1tica da Educa\u00e7\u00e3o B\u00e1sica, promovido no \u00e2mbito do 8\u00ba Simp\u00f3sio Nacional da Forma\u00e7\u00e3o do Professor de Matem\u00e1tica. O desafio teve como &#8230; <a title=\"Desafio\" class=\"read-more\" href=\"https:\/\/anpmat.org.br\/simposio-nacional-8\/desafio\/\" aria-label=\"Read more about Desafio\">Ler mais<\/a><\/p>\n","protected":false},"author":12,"featured_media":0,"parent":0,"menu_order":0,"comment_status":"closed","ping_status":"closed","template":"","meta":{"footnotes":""},"class_list":["post-343","page","type-page","status-publish"],"_links":{"self":[{"href":"https:\/\/anpmat.org.br\/simposio-nacional-8\/wp-json\/wp\/v2\/pages\/343","targetHints":{"allow":["GET"]}}],"collection":[{"href":"https:\/\/anpmat.org.br\/simposio-nacional-8\/wp-json\/wp\/v2\/pages"}],"about":[{"href":"https:\/\/anpmat.org.br\/simposio-nacional-8\/wp-json\/wp\/v2\/types\/page"}],"author":[{"embeddable":true,"href":"https:\/\/anpmat.org.br\/simposio-nacional-8\/wp-json\/wp\/v2\/users\/12"}],"replies":[{"embeddable":true,"href":"https:\/\/anpmat.org.br\/simposio-nacional-8\/wp-json\/wp\/v2\/comments?post=343"}],"version-history":[{"count":7,"href":"https:\/\/anpmat.org.br\/simposio-nacional-8\/wp-json\/wp\/v2\/pages\/343\/revisions"}],"predecessor-version":[{"id":635,"href":"https:\/\/anpmat.org.br\/simposio-nacional-8\/wp-json\/wp\/v2\/pages\/343\/revisions\/635"}],"wp:attachment":[{"href":"https:\/\/anpmat.org.br\/simposio-nacional-8\/wp-json\/wp\/v2\/media?parent=343"}],"curies":[{"name":"wp","href":"https:\/\/api.w.org\/{rel}","templated":true}]}}